{"id":44098,"date":"2025-02-25T17:59:52","date_gmt":"2025-02-25T22:59:52","guid":{"rendered":"https:\/\/oaggao.ca\/?post_type=tribe_events&#038;eventDate=2025-03-11#038;p=44097"},"modified":"2025-03-05T16:12:26","modified_gmt":"2025-03-05T21:12:26","slug":"camp-artistique-du-conge-de-mars-2025-03-11","status":"publish","type":"tribe_events","link":"https:\/\/oaggao.ca\/fr\/evenements\/camp-artistique-du-conge-de-mars\/2025-03-11\/","title":{"rendered":"Complet &#8211; Camp artistique du cong\u00e9 de mars"},"content":{"rendered":"<div class=\"elementor-element elementor-element-dd2b531 elementor-widget elementor-widget-text-editor\" data-id=\"dd2b531\" data-element_type=\"widget\" data-widget_type=\"text-editor.default\">\n<div class=\"elementor-widget-container\">\n<p><span data-contrast=\"auto\">Nous vous attendons en mars pour un camp artistique bilingue d\u2019une semaine \u00e0 la Galerie d\u2019art d\u2019Ottawa et laissez libre cours \u00e0 votre imagination ! Ce camp de jour, pour les enfants de 8 \u00e0 12 ans, fera d\u00e9couvrir la Galerie et ses expositions de mani\u00e8re amusante et avec entrain.\u00a0\u00a0<\/span><span data-ccp-props=\"{}\">\u00a0<\/span><\/p>\n<p><span data-contrast=\"auto\">Les enfants en apprendront sur les artistes de la r\u00e9gion gr\u00e2ce \u00e0 des visites interactives et lib\u00e9reront leur cr\u00e9ativit\u00e9 lors d\u2019ateliers hors de l\u2019ordinaire anim\u00e9s par nos guides-interpr\u00e8tes enthousiastes.<\/span><span data-ccp-props=\"{}\">\u00a0<\/span><\/p>\n<p><span data-contrast=\"auto\">Nos artistes en herbes auront \u00e9galement l\u2019occasion de travailler avec un artiste de la r\u00e9gion lors d\u2019un atelier sp\u00e9cial. Nous annoncerons bient\u00f4t de qui il s\u2019agit !<\/span><span data-ccp-props=\"{}\">\u00a0<\/span><\/p>\n<p><i><span data-contrast=\"auto\">L\u2019artiste invit\u00e9e pour le camp du cong\u00e9 de mars :\u00a0<\/span><\/i><i><span data-contrast=\"none\">Rebecca Clou\u00e2tre<\/span><\/i><span data-ccp-props=\"{}\">\u00a0<\/span><\/p>\n<p><span data-contrast=\"auto\">La semaine se terminera en beaut\u00e9 par un vernissage pr\u00e9sentant les cr\u00e9ations des enfants aux familles et aux proches !<\/span><span data-ccp-props=\"{}\">\u00a0<\/span><\/p>\n<p><span data-contrast=\"auto\">Un service de garde est offert de 8 h 30 \u00e0 9 h et de 16 h \u00e0 17 h.<\/span><span data-ccp-props=\"{}\">\u00a0<\/span><\/p>\n<p><span data-contrast=\"auto\"><strong>date :<\/strong>\u00a0du lundi 10 mars au vendredi 14 mars 2025.<\/span><span data-ccp-props=\"{}\"><br \/>\n<\/span><span data-contrast=\"auto\"><strong>heures :<\/strong>\u00a0de 9 h \u00e0 16 h<\/span><span data-ccp-props=\"{}\"><br \/>\n<\/span><span data-contrast=\"auto\"><strong>frais :<\/strong>\u00a0325 $ par enfant<\/span><span data-ccp-props=\"{}\">\u00a0<\/span><\/p>\n<p><span data-contrast=\"auto\"><strong>Date limite pour les inscriptions :<\/strong>\u00a0le dimanche 2 mars 2025<\/span><span data-ccp-props=\"{}\">\u00a0<\/span><\/p>\n<\/div>\n<\/div>\n<div class=\"elementor-element elementor-element-d743712 elementor-widget elementor-widget-button\" data-id=\"d743712\" data-element_type=\"widget\" data-widget_type=\"button.default\">\n<div class=\"elementor-widget-container\">\n<div class=\"elementor-button-wrapper\"><a class=\"elementor-button elementor-button-link elementor-size-sm\" href=\"https:\/\/www.eventbrite.ca\/e\/march-break-art-camp-camp-artistique-du-conge-de-mars-registration-1077495410779?aff=oddtdtcreator\" target=\"_blank\" rel=\"noopener\"><span class=\"elementor-button-content-wrapper\"><span class=\"elementor-button-text\">Inscriptions<\/span><\/span><\/a><\/div>\n<\/div>\n<\/div>\n","protected":false},"excerpt":{"rendered":"<p>Nous vous attendons en mars pour un camp artistique bilingue d\u2019une semaine \u00e0 la Galerie d\u2019art d\u2019Ottawa et laissez libre cours \u00e0 votre imagination ! Ce camp de jour, pour [&hellip;]<\/p>\n","protected":false},"author":13,"featured_media":29097,"template":"","meta":{"_acf_changed":false,"_tribe_events_status":"","_tribe_events_status_reason":"","_tribe_events_is_hybrid":"","_tribe_events_is_virtual":"","_tribe_events_virtual_video_source":"","_tribe_events_virtual_embed_video":"","_tribe_events_virtual_linked_button_text":"","_tribe_events_virtual_linked_button":"","_tribe_events_virtual_show_embed_at":"","_tribe_events_virtual_show_embed_to":[],"_tribe_events_virtual_show_on_event":"","_tribe_events_virtual_show_on_views":"","_tribe_events_virtual_url":"","footnotes":""},"tags":[],"tribe_events_cat":[],"class_list":["post-44098","tribe_events","type-tribe_events","status-publish","has-post-thumbnail","hentry","tribe-recurring-event","tribe-recurring-event-child"],"acf":[],"aioseo_notices":[],"_links":{"self":[{"href":"https:\/\/oaggao.ca\/fr\/wp-json\/wp\/v2\/tribe_events\/44098","targetHints":{"allow":["GET"]}}],"collection":[{"href":"https:\/\/oaggao.ca\/fr\/wp-json\/wp\/v2\/tribe_events"}],"about":[{"href":"https:\/\/oaggao.ca\/fr\/wp-json\/wp\/v2\/types\/tribe_events"}],"author":[{"embeddable":true,"href":"https:\/\/oaggao.ca\/fr\/wp-json\/wp\/v2\/users\/13"}],"version-history":[{"count":0,"href":"https:\/\/oaggao.ca\/fr\/wp-json\/wp\/v2\/tribe_events\/44098\/revisions"}],"wp:featuredmedia":[{"embeddable":true,"href":"https:\/\/oaggao.ca\/fr\/wp-json\/wp\/v2\/media\/29097"}],"wp:attachment":[{"href":"https:\/\/oaggao.ca\/fr\/wp-json\/wp\/v2\/media?parent=44098"}],"wp:term":[{"taxonomy":"post_tag","embeddable":true,"href":"https:\/\/oaggao.ca\/fr\/wp-json\/wp\/v2\/tags?post=44098"},{"taxonomy":"tribe_events_cat","embeddable":true,"href":"https:\/\/oaggao.ca\/fr\/wp-json\/wp\/v2\/tribe_events_cat?post=44098"}],"curies":[{"name":"wp","href":"https:\/\/api.w.org\/{rel}","templated":true}]}}