{"id":48928,"date":"2026-03-24T21:53:03","date_gmt":"2026-03-25T01:53:03","guid":{"rendered":"https:\/\/oaggao.ca\/?post_type=tribe_events&#038;p=48928"},"modified":"2026-04-20T23:15:24","modified_gmt":"2026-04-21T03:15:24","slug":"la-tente-des-arts-au-festival-franco-ontarien","status":"publish","type":"tribe_events","link":"https:\/\/oaggao.ca\/fr\/evenements\/la-tente-des-arts-au-festival-franco-ontarien\/","title":{"rendered":"La Tente des arts au Festival Franco-Ontarien"},"content":{"rendered":"<p><strong><span class=\"TextRun SCXW52244678 BCX8\" lang=\"FR-CA\" xml:lang=\"FR-CA\" data-contrast=\"none\"><span class=\"NormalTextRun SCXW52244678 BCX8\">Le\u00a0<\/span><span class=\"NormalTextRun SCXW52244678 BCX8\">pa<\/span><span class=\"NormalTextRun SCXW52244678 BCX8\">rc<\/span><span class=\"NormalTextRun SCXW52244678 BCX8\">\u00a0<\/span><span class=\"NormalTextRun SpellingErrorV2Themed SCXW52244678 BCX8\">Major\u2019s<\/span><span class=\"NormalTextRun SCXW52244678 BCX8\">\u00a0H<\/span><span class=\"NormalTextRun SCXW52244678 BCX8\">ill\u00a0<\/span><\/span><span class=\"EOP SCXW52244678 BCX8\" data-ccp-props=\"{&quot;201341983&quot;:0,&quot;335559739&quot;:160,&quot;335559740&quot;:257}\">\u00a0<\/span><\/strong><\/p>\n<p><span class=\"TextRun SCXW17078941 BCX8\" lang=\"FR-CA\" xml:lang=\"FR-CA\" data-contrast=\"auto\"><span class=\"NormalTextRun SCXW17078941 BCX8\">Venez nous retrouver sous<\/span><span class=\"NormalTextRun SCXW17078941 BCX8\">\u00a0la Tente des arts au\u00a0<\/span><span class=\"NormalTextRun SCXW17078941 BCX8\">Festival Franco<\/span><span class=\"NormalTextRun SCXW17078941 BCX8\">&#8211;<\/span><span class=\"NormalTextRun SCXW17078941 BCX8\">Ontarien le 12 juin<\/span><span class=\"NormalTextRun SCXW17078941 BCX8\">\u00a0!\u00a0<\/span><\/span><span class=\"TextRun SCXW17078941 BCX8\" lang=\"FR-CA\" xml:lang=\"FR-CA\" data-contrast=\"auto\"><span class=\"NormalTextRun SCXW17078941 BCX8\">La Tente des arts de la GAO<\/span><\/span><span class=\"TextRun SCXW17078941 BCX8\" lang=\"FR-CA\" xml:lang=\"FR-CA\" data-contrast=\"auto\"><span class=\"NormalTextRun SCXW17078941 BCX8\">\u202fest un atelier qui se d\u00e9place dans la communaut\u00e9 lors des mois plus cl\u00e9ments.<\/span><span class=\"NormalTextRun SCXW17078941 BCX8\">\u00a0<\/span><span class=\"NormalTextRun SCXW17078941 BCX8\">Elle offre aux enfants de tous \u00e2ges un environnement amical et bilingue pour explorer leur cr\u00e9ativit\u00e9. Les participants sont encourag\u00e9s \u00e0 dessiner, construire des sculptures, et faire d\u2019autres activit\u00e9s pour\u00a0<\/span><span class=\"NormalTextRun SCXW17078941 BCX8\">stimuler<\/span><span class=\"NormalTextRun SCXW17078941 BCX8\">\u00a0l\u2019imagination et la confiance artistique.<\/span><\/span><span class=\"EOP SCXW17078941 BCX8\" data-ccp-props=\"{}\">\u00a0<\/span><\/p>\n<p><span class=\"TextRun SCXW106459773 BCX8\" lang=\"FR-CA\" xml:lang=\"FR-CA\" data-contrast=\"auto\"><span class=\"NormalTextRun SCXW106459773 BCX8\">Les activit\u00e9s de la Tente des arts sont gratuites et pour toute la famille !<\/span><span class=\"NormalTextRun SCXW106459773 BCX8\">\u00a0<\/span><span class=\"NormalTextRun SCXW106459773 BCX8\">Les enfants doivent \u00eatre accompagn\u00e9s d\u2019un adulte.<\/span><\/span><span class=\"EOP SCXW106459773 BCX8\" data-ccp-props=\"{}\">\u00a0<\/span><\/p>\n<p><a href=\"https:\/\/www.gianttiger.com\/fr\" target=\"_blank\" rel=\"noopener\"><img decoding=\"async\" class=\"alignnone wp-image-43622\" src=\"https:\/\/oaggao.ca\/wp-content\/uploads\/2025\/01\/logo-guidelines-fy21-GTlogo-wordmark-fr-colour-300x102.jpeg\" sizes=\"(max-width: 186px) 100vw, 186px\" srcset=\"https:\/\/oaggao.ca\/wp-content\/uploads\/2025\/01\/logo-guidelines-fy21-GTlogo-wordmark-fr-colour-300x102.jpeg 300w, https:\/\/oaggao.ca\/wp-content\/uploads\/2025\/01\/logo-guidelines-fy21-GTlogo-wordmark-fr-colour-1024x347.jpeg 1024w, https:\/\/oaggao.ca\/wp-content\/uploads\/2025\/01\/logo-guidelines-fy21-GTlogo-wordmark-fr-colour-768x260.jpeg 768w, https:\/\/oaggao.ca\/wp-content\/uploads\/2025\/01\/logo-guidelines-fy21-GTlogo-wordmark-fr-colour-1536x521.jpeg 1536w, https:\/\/oaggao.ca\/wp-content\/uploads\/2025\/01\/logo-guidelines-fy21-GTlogo-wordmark-fr-colour-scaled.jpeg 2048w\" alt=\"\" width=\"186\" height=\"63\" \/><\/a><\/p>\n<p><span class=\"TextRun Highlight SCXW57478782 BCX8\" lang=\"FR-CA\" xml:lang=\"FR-CA\" data-contrast=\"auto\"><span class=\"NormalTextRun SCXW57478782 BCX8\">La Tente des arts est commandit\u00e9e par\u00a0<\/span><\/span><span class=\"TextRun Highlight SCXW57478782 BCX8\" lang=\"FR-CA\" xml:lang=\"FR-CA\" data-contrast=\"none\"><span class=\"NormalTextRun SCXW57478782 BCX8\">Tigre G\u00e9ant.<\/span><\/span><\/p>\n","protected":false},"excerpt":{"rendered":"<p>Le\u00a0parc\u00a0Major\u2019s\u00a0Hill\u00a0\u00a0 Venez nous retrouver sous\u00a0la Tente des arts au\u00a0Festival Franco&#8211;Ontarien le 12 juin\u00a0!\u00a0La Tente des arts de la GAO\u202fest un atelier qui se d\u00e9place dans la communaut\u00e9 lors des mois [&hellip;]<\/p>\n","protected":false},"author":13,"featured_media":12857,"template":"","meta":{"_acf_changed":false,"_tribe_events_status":"","_tribe_events_status_reason":"","_tribe_events_is_hybrid":"","_tribe_events_is_virtual":"","_tribe_events_virtual_video_source":"","_tribe_events_virtual_embed_video":"","_tribe_events_virtual_linked_button_text":"","_tribe_events_virtual_linked_button":"","_tribe_events_virtual_show_embed_at":"","_tribe_events_virtual_show_embed_to":[],"_tribe_events_virtual_show_on_event":"","_tribe_events_virtual_show_on_views":"","_tribe_events_virtual_url":"","footnotes":""},"tags":[],"tribe_events_cat":[83,80],"class_list":["post-48928","tribe_events","type-tribe_events","status-publish","has-post-thumbnail","hentry","tribe_events_cat-atelier","tribe_events_cat-familles","cat_atelier","cat_familles"],"acf":[],"aioseo_notices":[],"aioseo_head":"\n\t\t<!-- All in One SEO 4.9.9 - aioseo.com -->\n\t<meta name=\"robots\" content=\"max-image-preview:large\" \/>\n\t<meta name=\"author\" content=\"Amity Bradbury\"\/>\n\t<link rel=\"canonical\" href=\"https:\/\/oaggao.ca\/fr\/evenements\/la-tente-des-arts-au-festival-franco-ontarien\/\" \/>\n\t<meta name=\"generator\" content=\"All in One SEO (AIOSEO) 4.9.9\" \/>\n\t\t<meta property=\"og:locale\" content=\"fr_FR\" \/>\n\t\t<meta property=\"og:site_name\" content=\"La Galerie d\u2019art d\u2019Ottawa |\" \/>\n\t\t<meta property=\"og:type\" content=\"article\" \/>\n\t\t<meta property=\"og:title\" content=\"La Tente des arts au Festival Franco-Ontarien | La Galerie d\u2019art d\u2019Ottawa\" \/>\n\t\t<meta property=\"og:url\" content=\"https:\/\/oaggao.ca\/fr\/evenements\/la-tente-des-arts-au-festival-franco-ontarien\/\" \/>\n\t\t<meta property=\"article:published_time\" content=\"2026-03-25T01:53:03+00:00\" \/>\n\t\t<meta property=\"article:modified_time\" content=\"2026-04-21T03:15:24+00:00\" \/>\n\t\t<meta name=\"twitter:card\" content=\"summary\" \/>\n\t\t<meta name=\"twitter:title\" content=\"La Tente des arts au Festival Franco-Ontarien | La Galerie d\u2019art d\u2019Ottawa\" \/>\n\t\t<script type=\"application\/ld+json\" class=\"aioseo-schema\">\n\t\t\t{\"@context\":\"https:\\\/\\\/schema.org\",\"@graph\":[{\"@type\":\"BreadcrumbList\",\"@id\":\"https:\\\/\\\/oaggao.ca\\\/fr\\\/evenements\\\/la-tente-des-arts-au-festival-franco-ontarien\\\/#breadcrumblist\",\"itemListElement\":[{\"@type\":\"ListItem\",\"@id\":\"https:\\\/\\\/oaggao.ca\\\/fr\\\/#listItem\",\"position\":1,\"name\":\"Home\",\"item\":\"https:\\\/\\\/oaggao.ca\\\/fr\\\/\",\"nextItem\":{\"@type\":\"ListItem\",\"@id\":\"https:\\\/\\\/oaggao.ca\\\/fr\\\/evenements\\\/category\\\/familles\\\/#listItem\",\"name\":\"Familles\"}},{\"@type\":\"ListItem\",\"@id\":\"https:\\\/\\\/oaggao.ca\\\/fr\\\/evenements\\\/category\\\/familles\\\/#listItem\",\"position\":2,\"name\":\"Familles\",\"item\":\"https:\\\/\\\/oaggao.ca\\\/fr\\\/evenements\\\/category\\\/familles\\\/\",\"nextItem\":{\"@type\":\"ListItem\",\"@id\":\"https:\\\/\\\/oaggao.ca\\\/fr\\\/evenements\\\/la-tente-des-arts-au-festival-franco-ontarien\\\/#listItem\",\"name\":\"La Tente des arts au Festival Franco-Ontarien\"},\"previousItem\":{\"@type\":\"ListItem\",\"@id\":\"https:\\\/\\\/oaggao.ca\\\/fr\\\/#listItem\",\"name\":\"Home\"}},{\"@type\":\"ListItem\",\"@id\":\"https:\\\/\\\/oaggao.ca\\\/fr\\\/evenements\\\/la-tente-des-arts-au-festival-franco-ontarien\\\/#listItem\",\"position\":3,\"name\":\"La Tente des arts au Festival Franco-Ontarien\",\"previousItem\":{\"@type\":\"ListItem\",\"@id\":\"https:\\\/\\\/oaggao.ca\\\/fr\\\/evenements\\\/category\\\/familles\\\/#listItem\",\"name\":\"Familles\"}}]},{\"@type\":\"Organization\",\"@id\":\"https:\\\/\\\/oaggao.ca\\\/fr\\\/#organization\",\"name\":\"La Galerie d\\u2019art d\\u2019Ottawa\",\"url\":\"https:\\\/\\\/oaggao.ca\\\/fr\\\/\"},{\"@type\":\"Person\",\"@id\":\"https:\\\/\\\/oaggao.ca\\\/fr\\\/author\\\/abradbury\\\/#author\",\"url\":\"https:\\\/\\\/oaggao.ca\\\/fr\\\/author\\\/abradbury\\\/\",\"name\":\"Amity Bradbury\",\"image\":{\"@type\":\"ImageObject\",\"@id\":\"https:\\\/\\\/oaggao.ca\\\/fr\\\/evenements\\\/la-tente-des-arts-au-festival-franco-ontarien\\\/#authorImage\",\"url\":\"https:\\\/\\\/secure.gravatar.com\\\/avatar\\\/1208d701159ac460f886bd2a4468a8bdcaf9a0b5771ecc9939c77fbd578cd3d7?s=96&d=mm&r=g\",\"width\":96,\"height\":96,\"caption\":\"Amity Bradbury\"}},{\"@type\":\"WebPage\",\"@id\":\"https:\\\/\\\/oaggao.ca\\\/fr\\\/evenements\\\/la-tente-des-arts-au-festival-franco-ontarien\\\/#webpage\",\"url\":\"https:\\\/\\\/oaggao.ca\\\/fr\\\/evenements\\\/la-tente-des-arts-au-festival-franco-ontarien\\\/\",\"name\":\"La Tente des arts au Festival Franco-Ontarien | La Galerie d\\u2019art d\\u2019Ottawa\",\"inLanguage\":\"fr-FR\",\"isPartOf\":{\"@id\":\"https:\\\/\\\/oaggao.ca\\\/fr\\\/#website\"},\"breadcrumb\":{\"@id\":\"https:\\\/\\\/oaggao.ca\\\/fr\\\/evenements\\\/la-tente-des-arts-au-festival-franco-ontarien\\\/#breadcrumblist\"},\"author\":{\"@id\":\"https:\\\/\\\/oaggao.ca\\\/fr\\\/author\\\/abradbury\\\/#author\"},\"creator\":{\"@id\":\"https:\\\/\\\/oaggao.ca\\\/fr\\\/author\\\/abradbury\\\/#author\"},\"image\":{\"@type\":\"ImageObject\",\"url\":\"https:\\\/\\\/oaggao.ca\\\/wp-content\\\/uploads\\\/2021\\\/11\\\/LUT4040-scaled.jpg\",\"@id\":\"https:\\\/\\\/oaggao.ca\\\/fr\\\/evenements\\\/la-tente-des-arts-au-festival-franco-ontarien\\\/#mainImage\",\"width\":1704,\"height\":2560,\"caption\":\"Photo : Ming Wu\"},\"primaryImageOfPage\":{\"@id\":\"https:\\\/\\\/oaggao.ca\\\/fr\\\/evenements\\\/la-tente-des-arts-au-festival-franco-ontarien\\\/#mainImage\"},\"datePublished\":\"2026-03-24T21:53:03-04:00\",\"dateModified\":\"2026-04-20T23:15:24-04:00\"},{\"@type\":\"WebSite\",\"@id\":\"https:\\\/\\\/oaggao.ca\\\/fr\\\/#website\",\"url\":\"https:\\\/\\\/oaggao.ca\\\/fr\\\/\",\"name\":\"Ottawa Art Gallery\",\"inLanguage\":\"fr-FR\",\"publisher\":{\"@id\":\"https:\\\/\\\/oaggao.ca\\\/fr\\\/#organization\"}}]}\n\t\t<\/script>\n\t\t<!-- All in One SEO -->\n\n","aioseo_head_json":{"title":"La Tente des arts au Festival Franco-Ontarien | La Galerie d\u2019art d\u2019Ottawa","description":"","canonical_url":"https:\/\/oaggao.ca\/fr\/evenements\/la-tente-des-arts-au-festival-franco-ontarien\/","robots":"max-image-preview:large","keywords":"","webmasterTools":{"miscellaneous":""},"schema":{"@context":"https:\/\/schema.org","@graph":[{"@type":"BreadcrumbList","@id":"https:\/\/oaggao.ca\/fr\/evenements\/la-tente-des-arts-au-festival-franco-ontarien\/#breadcrumblist","itemListElement":[{"@type":"ListItem","@id":"https:\/\/oaggao.ca\/fr\/#listItem","position":1,"name":"Home","item":"https:\/\/oaggao.ca\/fr\/","nextItem":{"@type":"ListItem","@id":"https:\/\/oaggao.ca\/fr\/evenements\/category\/familles\/#listItem","name":"Familles"}},{"@type":"ListItem","@id":"https:\/\/oaggao.ca\/fr\/evenements\/category\/familles\/#listItem","position":2,"name":"Familles","item":"https:\/\/oaggao.ca\/fr\/evenements\/category\/familles\/","nextItem":{"@type":"ListItem","@id":"https:\/\/oaggao.ca\/fr\/evenements\/la-tente-des-arts-au-festival-franco-ontarien\/#listItem","name":"La Tente des arts au Festival Franco-Ontarien"},"previousItem":{"@type":"ListItem","@id":"https:\/\/oaggao.ca\/fr\/#listItem","name":"Home"}},{"@type":"ListItem","@id":"https:\/\/oaggao.ca\/fr\/evenements\/la-tente-des-arts-au-festival-franco-ontarien\/#listItem","position":3,"name":"La Tente des arts au Festival Franco-Ontarien","previousItem":{"@type":"ListItem","@id":"https:\/\/oaggao.ca\/fr\/evenements\/category\/familles\/#listItem","name":"Familles"}}]},{"@type":"Organization","@id":"https:\/\/oaggao.ca\/fr\/#organization","name":"La Galerie d\u2019art d\u2019Ottawa","url":"https:\/\/oaggao.ca\/fr\/"},{"@type":"Person","@id":"https:\/\/oaggao.ca\/fr\/author\/abradbury\/#author","url":"https:\/\/oaggao.ca\/fr\/author\/abradbury\/","name":"Amity Bradbury","image":{"@type":"ImageObject","@id":"https:\/\/oaggao.ca\/fr\/evenements\/la-tente-des-arts-au-festival-franco-ontarien\/#authorImage","url":"https:\/\/secure.gravatar.com\/avatar\/1208d701159ac460f886bd2a4468a8bdcaf9a0b5771ecc9939c77fbd578cd3d7?s=96&d=mm&r=g","width":96,"height":96,"caption":"Amity Bradbury"}},{"@type":"WebPage","@id":"https:\/\/oaggao.ca\/fr\/evenements\/la-tente-des-arts-au-festival-franco-ontarien\/#webpage","url":"https:\/\/oaggao.ca\/fr\/evenements\/la-tente-des-arts-au-festival-franco-ontarien\/","name":"La Tente des arts au Festival Franco-Ontarien | La Galerie d\u2019art d\u2019Ottawa","inLanguage":"fr-FR","isPartOf":{"@id":"https:\/\/oaggao.ca\/fr\/#website"},"breadcrumb":{"@id":"https:\/\/oaggao.ca\/fr\/evenements\/la-tente-des-arts-au-festival-franco-ontarien\/#breadcrumblist"},"author":{"@id":"https:\/\/oaggao.ca\/fr\/author\/abradbury\/#author"},"creator":{"@id":"https:\/\/oaggao.ca\/fr\/author\/abradbury\/#author"},"image":{"@type":"ImageObject","url":"https:\/\/oaggao.ca\/wp-content\/uploads\/2021\/11\/LUT4040-scaled.jpg","@id":"https:\/\/oaggao.ca\/fr\/evenements\/la-tente-des-arts-au-festival-franco-ontarien\/#mainImage","width":1704,"height":2560,"caption":"Photo : Ming Wu"},"primaryImageOfPage":{"@id":"https:\/\/oaggao.ca\/fr\/evenements\/la-tente-des-arts-au-festival-franco-ontarien\/#mainImage"},"datePublished":"2026-03-24T21:53:03-04:00","dateModified":"2026-04-20T23:15:24-04:00"},{"@type":"WebSite","@id":"https:\/\/oaggao.ca\/fr\/#website","url":"https:\/\/oaggao.ca\/fr\/","name":"Ottawa Art Gallery","inLanguage":"fr-FR","publisher":{"@id":"https:\/\/oaggao.ca\/fr\/#organization"}}]},"og:locale":"fr_FR","og:site_name":"La Galerie d\u2019art d\u2019Ottawa |","og:type":"article","og:title":"La Tente des arts au Festival Franco-Ontarien | La Galerie d\u2019art d\u2019Ottawa","og:url":"https:\/\/oaggao.ca\/fr\/evenements\/la-tente-des-arts-au-festival-franco-ontarien\/","article:published_time":"2026-03-25T01:53:03+00:00","article:modified_time":"2026-04-21T03:15:24+00:00","twitter:card":"summary","twitter:title":"La Tente des arts au Festival Franco-Ontarien | La Galerie d\u2019art d\u2019Ottawa"},"aioseo_meta_data":{"post_id":"48928","title":null,"description":null,"keywords":null,"keyphrases":{"focus":{"keyphrase":"","score":0,"analysis":{"keyphraseInTitle":{"score":0,"maxScore":9,"error":1}}},"additional":[]},"primary_term":null,"canonical_url":null,"og_title":null,"og_description":null,"og_object_type":"default","og_image_type":"default","og_image_url":null,"og_image_width":null,"og_image_height":null,"og_image_custom_url":null,"og_image_custom_fields":null,"og_video":"","og_custom_url":null,"og_article_section":null,"og_article_tags":null,"twitter_use_og":false,"twitter_card":"default","twitter_image_type":"default","twitter_image_url":null,"twitter_image_custom_url":null,"twitter_image_custom_fields":null,"twitter_title":null,"twitter_description":null,"schema":{"blockGraphs":[],"customGraphs":[],"default":{"data":{"Article":[],"Course":[],"Dataset":[],"FAQPage":[],"Movie":[],"Person":[],"Product":[],"ProductReview":[],"Car":[],"Recipe":[],"Service":[],"SoftwareApplication":[],"WebPage":[]},"graphName":"WebPage","isEnabled":true},"graphs":[]},"schema_type":"default","schema_type_options":null,"pillar_content":false,"robots_default":true,"robots_noindex":false,"robots_noarchive":false,"robots_nosnippet":false,"robots_nofollow":false,"robots_noimageindex":false,"robots_noodp":false,"robots_notranslate":false,"robots_max_snippet":"-1","robots_max_videopreview":"-1","robots_max_imagepreview":"large","priority":null,"frequency":"default","location":null,"local_seo":null,"breadcrumb_settings":null,"limit_modified_date":false,"ai":{"faqs":[],"keyPoints":[],"titles":[],"descriptions":[],"socialPosts":{"email":[],"linkedin":[],"twitter":[],"facebook":[],"instagram":[]}},"created":"2026-03-25 01:48:41","updated":"2026-04-21 03:20:22","seo_analyzer_scan_date":null},"_links":{"self":[{"href":"https:\/\/oaggao.ca\/fr\/wp-json\/wp\/v2\/tribe_events\/48928","targetHints":{"allow":["GET"]}}],"collection":[{"href":"https:\/\/oaggao.ca\/fr\/wp-json\/wp\/v2\/tribe_events"}],"about":[{"href":"https:\/\/oaggao.ca\/fr\/wp-json\/wp\/v2\/types\/tribe_events"}],"author":[{"embeddable":true,"href":"https:\/\/oaggao.ca\/fr\/wp-json\/wp\/v2\/users\/13"}],"version-history":[{"count":0,"href":"https:\/\/oaggao.ca\/fr\/wp-json\/wp\/v2\/tribe_events\/48928\/revisions"}],"wp:featuredmedia":[{"embeddable":true,"href":"https:\/\/oaggao.ca\/fr\/wp-json\/wp\/v2\/media\/12857"}],"wp:attachment":[{"href":"https:\/\/oaggao.ca\/fr\/wp-json\/wp\/v2\/media?parent=48928"}],"wp:term":[{"taxonomy":"post_tag","embeddable":true,"href":"https:\/\/oaggao.ca\/fr\/wp-json\/wp\/v2\/tags?post=48928"},{"taxonomy":"tribe_events_cat","embeddable":true,"href":"https:\/\/oaggao.ca\/fr\/wp-json\/wp\/v2\/tribe_events_cat?post=48928"}],"curies":[{"name":"wp","href":"https:\/\/api.w.org\/{rel}","templated":true}]}}